{"id":90278,"date":"2025-11-29T14:30:11","date_gmt":"2025-11-29T13:30:11","guid":{"rendered":"https:\/\/archacademy.it\/?post_type=product&#038;p=90278"},"modified":"2025-12-01T09:09:28","modified_gmt":"2025-12-01T08:09:28","slug":"baukultur-fur-alle-schwammstadt-nachhaltig-gestalten","status":"publish","type":"product","link":"https:\/\/archacademy.it\/de\/prodotto\/baukultur-fur-alle-schwammstadt-nachhaltig-gestalten\/","title":{"rendered":"BAUKULTUR F\u00dcR ALLE!? Schwammstadt Nachhaltig Gestalten"},"content":{"rendered":"","protected":false},"excerpt":{"rendered":"<h3><span class=\"fontstyle0\">Geplante und realisierte Beispiele aus d<\/span><span class=\"fontstyle0\">er Berufspraxis von hochC Landschaftsarchitektur aus Berlin<\/span><\/h3>\n<p><span class=\"fontstyle0\">Die Architekturstiftung S\u00fcdtirol l\u00e4dt Sie ganz herzlich zum n\u00e4chsten Abend der digitalen Veranstaltungsreihe <\/span><span class=\"fontstyle0\">\u00bbBaukultur, Landschaft und Raumordnung\u00ab ein, welche bereits seit 3 Jahren l\u00e4uft und die Bev\u00f6lkerung, die\u00a0<\/span><span class=\"fontstyle0\">Techniker und die Politiker zu diesem Thema sensibilisieren m\u00f6chte.<\/span><\/p>\n<p><span class=\"fontstyle0\">Die europ\u00e4ischen St\u00e4dte m\u00fcssen klimafit gemacht werden f\u00fcr den Klimawandel. Hierbei nimmt das Management des <\/span><span class=\"fontstyle0\">Niederschlagswassers eine zentrale Rolle ein.\u00a0<\/span><span class=\"fontstyle0\">hochC zeigt hierzu zahlreiche Beispiele, die nicht nur aus technischer Hinsicht interessant sind, sondern auch neue\u00a0<\/span><span class=\"fontstyle0\">Herausforderungen und Chancen f\u00fcr eine zeitgen\u00f6ssische Gestaltung mit sich bringen.<\/span><\/p>\n<p><strong>Programma | Programm:<\/strong><\/p>\n<ul>\n<li>Einleitende Worte, <strong>LArch. Susanne Rieder<\/strong><\/li>\n<li>Vortrag von \u00a0<strong><span class=\"fontstyle0\">LArch. Claus Herrmann<\/span><\/strong><span class=\"fontstyle2\">, Gesch\u00e4ftsf\u00fchrer von hochC Landschaftsarchitektur GmbH Berlin<\/span><\/li>\n<li>Fragen und Diskussion<\/li>\n<\/ul>\n<p><strong>Conducono | Moderation<\/strong>:<br \/>\nLArch. Susanne Rieder | LArch. Peter Rier<\/p>\n<p><strong>Lingua | Sprache:<br \/>\n<\/strong>Tedesco (senza traduzione) | Deutsch (ohne \u00dcbersetzung)<\/p>\n<p><a href=\"https:\/\/stiftung.arch.bz.it\/de\/\" target=\"_blank\" rel=\"noopener noreferrer\">Architekturstiftung S\u00fcdtirol<\/a><br \/>\n<a href=\"mailto:stiftung@arch.bz.it\">stiftung@arch.bz.it<\/a><br \/>\n0471 301751<\/p>\n<p>Con il gentile sostegno di | Mit freundlicher Unterst\u00fctzung von<\/p>\n<p><img decoding=\"async\" class=\"\" src=\"https:\/\/archacademy.it\/wp-content\/uploads\/2025\/10\/AutonomeProvinz.png\" width=\"475\" height=\"119\" \/><\/p>\n","protected":false},"author":92727,"featured_media":85022,"comment_status":"closed","ping_status":"closed","template":"","meta":{"_expiration-date-status":"","_expiration-date":0,"_expiration-date-type":"","_expiration-date-categories":[],"_expiration-date-options":[]},"product_cat":[297,30],"product_tag":[],"class_list":{"0":"post-90278","1":"product","2":"type-product","3":"status-publish","4":"has-post-thumbnail","6":"product_cat-architettura","7":"product_cat-webinars","8":"myxclima-home","9":"tm-has-options","11":"first","12":"outofstock","13":"virtual","14":"sold-individually","15":"taxable","16":"purchasable","17":"product-type-simple"},"_links":{"self":[{"href":"https:\/\/archacademy.it\/de\/wp-json\/wp\/v2\/product\/90278"}],"collection":[{"href":"https:\/\/archacademy.it\/de\/wp-json\/wp\/v2\/product"}],"about":[{"href":"https:\/\/archacademy.it\/de\/wp-json\/wp\/v2\/types\/product"}],"author":[{"embeddable":true,"href":"https:\/\/archacademy.it\/de\/wp-json\/wp\/v2\/users\/92727"}],"replies":[{"embeddable":true,"href":"https:\/\/archacademy.it\/de\/wp-json\/wp\/v2\/comments?post=90278"}],"wp:featuredmedia":[{"embeddable":true,"href":"https:\/\/archacademy.it\/de\/wp-json\/wp\/v2\/media\/85022"}],"wp:attachment":[{"href":"https:\/\/archacademy.it\/de\/wp-json\/wp\/v2\/media?parent=90278"}],"wp:term":[{"taxonomy":"product_cat","embeddable":true,"href":"https:\/\/archacademy.it\/de\/wp-json\/wp\/v2\/product_cat?post=90278"},{"taxonomy":"product_tag","embeddable":true,"href":"https:\/\/archacademy.it\/de\/wp-json\/wp\/v2\/product_tag?post=90278"}],"curies":[{"name":"wp","href":"https:\/\/api.w.org\/{rel}","templated":true}]}}