{"id":80319,"date":"2024-05-28T15:21:53","date_gmt":"2024-05-28T13:21:53","guid":{"rendered":"https:\/\/archacademy.it\/?post_type=product&#038;p=80319"},"modified":"2024-11-06T13:30:24","modified_gmt":"2024-11-06T12:30:24","slug":"baukultur-fur-alle-offentliche-freiraumgestaltung-klimaresiliente-dorf-und-stadtentwicklung","status":"publish","type":"product","link":"https:\/\/archacademy.it\/de\/prodotto\/baukultur-fur-alle-offentliche-freiraumgestaltung-klimaresiliente-dorf-und-stadtentwicklung\/","title":{"rendered":"BAUKULTUR F\u00dcR ALLE!? \u00d6ffentliche Freiraumgestaltung (Klimaresiliente Dorf- und Stadtentwicklung)"},"content":{"rendered":"","protected":false},"excerpt":{"rendered":"<h3><strong>Forschungsstand und Praxisbeispiele vom Institut f\u00fcr Ingenieurbiologie und Landschaftsbau (BOKU Wien)<\/strong><\/h3>\n<p>Die Architekturstiftung S\u00fcdtirol l\u00e4dt Sie ganz herzlich <strong>zum n\u00e4chsten Abend der digitalen Veranstaltungsreihe\u00a0 \u201cBaukultur, Raumordnung und Landschaft\u201d<\/strong> ein.<\/p>\n<p>Die Forcierung gr\u00fcner und gr\u00fcn-blauer Infrastrukturen sind wichtige Ma\u00dfnahmen, um\u00a0den Konsequenzen aus Fl\u00e4cheninanspruchnahme und Versiegelung sowie aus klimawandelbedingten Herausforderungen zu begegnen.\u00a0Der Vortrag adressiert\u00a0Alternativen und M\u00f6glichkeiten offener Oberfl\u00e4chengestaltung auch belasteter Fl\u00e4chen sowie pflanzenbasierte Regenwassermanagementl\u00f6sungen, um Verbesserungen hinsichtlich Mikroklima, Grundwasserspeisung und Oberfl\u00e4chenabflussreduktion in Siedlungsr\u00e4umen zu erzielen. Wirkungen und Benefits werden beispielhaft aufgezeigt.<\/p>\n<p><strong>Programma | Programm:<\/strong><\/p>\n<ul>\n<li>Einleitende Worte, <strong>LArch. Susanne Rieder<\/strong><\/li>\n<li>Impulsreferat <strong>Univ.Prof. DI Dr. Rosemarie Stangl<\/strong>, Institut f\u00fcr Ingenieurbiologie und Landschaftsbau, Wien<\/li>\n<li>Fragen und Diskussion<\/li>\n<\/ul>\n<p><strong>Conducono | Moderation<\/strong>: LArch. Susanne Rieder | LArch. Lorenz Frei<\/p>\n<p><strong>Lingua | Sprache: <\/strong>Tedesco (senza traduzione) | Deutsch (ohne \u00dcbersetzung)<\/p>\n<p><a href=\"https:\/\/stiftung.arch.bz.it\/de\/\" target=\"_blank\" rel=\"noopener noreferrer\">Architekturstiftung S\u00fcdtirol<\/a><br \/>\n<a href=\"mailto:stiftung@arch.bz.it\">stiftung@arch.bz.it<\/a><br \/>\n0471 301751<\/p>\n<p><img decoding=\"async\" class=\"\" src=\"https:\/\/stiftung.arch.bz.it\/img\/architektenstiftung_logo.jpg\" width=\"486\" height=\"128\" \/><\/p>\n<p>Con il gentile sostegno di | Mit freundlicher Unterst\u00fctzung von<\/p>\n<p><img decoding=\"async\" class=\"\" src=\"https:\/\/archacademy.it\/wp-content\/uploads\/2024\/10\/2024Logo_Abt_4z-1.jpg\" width=\"394\" height=\"133\" \/><\/p>\n","protected":false},"author":92727,"featured_media":59421,"comment_status":"closed","ping_status":"closed","template":"","meta":{"_expiration-date-status":"","_expiration-date":0,"_expiration-date-type":"","_expiration-date-categories":[],"_expiration-date-options":[]},"product_cat":[297,30],"product_tag":[],"class_list":{"0":"post-80319","1":"product","2":"type-product","3":"status-publish","4":"has-post-thumbnail","6":"product_cat-architettura","7":"product_cat-webinars","8":"myxclima-home","9":"tm-has-options","11":"first","12":"outofstock","13":"virtual","14":"sold-individually","15":"taxable","16":"purchasable","17":"product-type-simple"},"_links":{"self":[{"href":"https:\/\/archacademy.it\/de\/wp-json\/wp\/v2\/product\/80319"}],"collection":[{"href":"https:\/\/archacademy.it\/de\/wp-json\/wp\/v2\/product"}],"about":[{"href":"https:\/\/archacademy.it\/de\/wp-json\/wp\/v2\/types\/product"}],"author":[{"embeddable":true,"href":"https:\/\/archacademy.it\/de\/wp-json\/wp\/v2\/users\/92727"}],"replies":[{"embeddable":true,"href":"https:\/\/archacademy.it\/de\/wp-json\/wp\/v2\/comments?post=80319"}],"wp:featuredmedia":[{"embeddable":true,"href":"https:\/\/archacademy.it\/de\/wp-json\/wp\/v2\/media\/59421"}],"wp:attachment":[{"href":"https:\/\/archacademy.it\/de\/wp-json\/wp\/v2\/media?parent=80319"}],"wp:term":[{"taxonomy":"product_cat","embeddable":true,"href":"https:\/\/archacademy.it\/de\/wp-json\/wp\/v2\/product_cat?post=80319"},{"taxonomy":"product_tag","embeddable":true,"href":"https:\/\/archacademy.it\/de\/wp-json\/wp\/v2\/product_tag?post=80319"}],"curies":[{"name":"wp","href":"https:\/\/api.w.org\/{rel}","templated":true}]}}