{"id":59407,"date":"2021-05-12T16:23:40","date_gmt":"2021-05-12T14:23:40","guid":{"rendered":"https:\/\/archacademy.it\/?post_type=product&#038;p=59407"},"modified":"2021-06-07T15:24:19","modified_gmt":"2021-06-07T13:24:19","slug":"cultura-del-costruire-e-participazione-non-temete-la-participazione-baukultur-und-partizipation-keine-angst-vor-beteiligung","status":"publish","type":"product","link":"https:\/\/archacademy.it\/de\/prodotto\/cultura-del-costruire-e-participazione-non-temete-la-participazione-baukultur-und-partizipation-keine-angst-vor-beteiligung\/","title":{"rendered":"BAUKULTUR UND PARTIZIPATION: KEINE ANGST VOR BETEILIGUNG! | CULTURA DEL COSTRUIRE E PARTICIPAZIONE: NON TEMETE LA PARTICIPAZIONE!"},"content":{"rendered":"","protected":false},"excerpt":{"rendered":"<table style=\"height: 20px; width: 100%; border-collapse: collapse; border-style: hidden;\" border=\"1\" cellspacing=\"3\" cellpadding=\"3\">\n<tbody>\n<tr style=\"height: 20px; border-style: hidden; text-align: left;\">\n<td style=\"width: 50%; border-style: hidden; height: 20px; text-align: left; vertical-align: top;\">&nbsp;<\/p>\n<p>La Fondazione Architettura Alto Adige ha il piacere di invitarVi alla 3\u00b0 serata della serie di eventi online sul tema \u201ecultura del costruire e pianificazione territoriale&#8221;.<\/p>\n<p>Vorremmo incoraggiare tutti coloro che si occupano della nuova legge sulla pianificazione territoriale ad introdurre qualit\u00e0 e cultura del costruire nei progetti di architettura e di pianificazione del territorio.<\/p>\n<p>&#8220;Non temete la participazione! Come si pu\u00f2 definire insieme il programma di Sviluppo Comunale.&#8221;<\/p>\n<p>L&#8217;architetto Roland Gruber, del gruppo \u201enonconform\u201c ci mostra attraverso alcuni esempi pratici come la partecipazione seria va organizzata e coordinata e quali risultati pu\u00f2 portare una moderazione professionale.<\/p>\n<p>Flyer invito &lt;<a href=\"https:\/\/archacademy.it\/wp-content\/uploads\/2021\/05\/20210526-Invito-Einladung.pdf\" target=\"_blank\" rel=\"noopener\">QUI<\/a>&gt;<\/td>\n<td style=\"width: 50%; border-style: hidden; text-align: left; vertical-align: top; height: 20px;\">&nbsp;<\/p>\n<p>Die Architekturstiftung S\u00fcdtirol l\u00e4dt Sie ganz herzlich zum 3. Abend der digitalen Veranstaltungsreihe zum Thema \u201cBaukultur und Raumordnung\u201d ein.<\/p>\n<p>Wir m\u00f6chten damit alle, die sich mit dem neuen Raumordnungsgesetz auseinandersetzen, animieren, sich Gedanken \u00fcber Baukultur und Planungsqualit\u00e4t bei Bauvorhaben zu machen.<\/p>\n<p>\u201cKeine Angst vor Beteiligung! Wie Zukunftsraum-entwicklung gemeinsam gelingen kann\u201d<\/p>\n<p>Architekt Roland Gruber von \u201eNonconform \u201c, zeigt anhand von einigen praktischen Beispielen, wie echte Partizipation organisiert werden muss und abl\u00e4uft und zu welchen Ergebnissen professionell moderierte Beteiligungsprozesse f\u00fchren k\u00f6nnen.<br \/>\nEinladungsflyer &lt;<a href=\"https:\/\/archacademy.it\/wp-content\/uploads\/2021\/05\/20210526-Invito-Einladung.pdf\" target=\"_blank\" rel=\"noopener\">HIER<\/a>&gt;<\/td>\n<\/tr>\n<\/tbody>\n<\/table>\n<p><strong>Programma | Programm:<\/strong><\/p>\n<ul>\n<li><strong>Arch. Carlo Calderan<span style=\"font-weight: 400;\">: Parole introduttive | Einleitende Worte<\/span><br \/>\n<\/strong><\/li>\n<li><strong>LR Maria Hochgruber Kuenzer<\/strong>: Saluti | Gru\u00dfworte<\/li>\n<li><strong>Arch. Roland Gruber<\/strong>: Impuls Lecture | Impulsreferat<\/li>\n<li><strong>Arch. Arthur Pichler<\/strong>: Esempi Altoatesini | Beispiele in S\u00fcdtirol<\/li>\n<li><strong>Maria Hochgruber Kuenzer<\/strong> | <strong>Andreas Schatzer<\/strong> |<strong> Raimund Rodewald <\/strong>Discussione | Diskussion<\/li>\n<\/ul>\n<p><strong>Conducono | Moderation<\/strong>:<\/p>\n<ul>\n<li>Arch. Carlo Calderan | Arch. Margot Wittig | Arch. Marlene Roner<\/li>\n<\/ul>\n<p><strong>Lingua | Sprache:<\/strong><\/p>\n<ul>\n<li>Tedesco (senza traduzione) | Deutsch (ohne \u00dcbersetzung)<\/li>\n<\/ul>\n<p><a href=\"https:\/\/stiftung.arch.bz.it\/de\/\" target=\"_blank\" rel=\"noopener noreferrer\">Architekturstiftung S\u00fcdtirol<\/a><br \/>\n<a href=\"mailto:stiftung@arch.bz.it\">stiftung@arch.bz.it<\/a><br \/>\n0471 301751<\/p>\n<p><img decoding=\"async\" class=\"\" src=\"https:\/\/stiftung.arch.bz.it\/img\/architektenstiftung_logo.jpg\" width=\"486\" height=\"128\" \/><\/p>\n","protected":false},"author":92727,"featured_media":59421,"comment_status":"closed","ping_status":"closed","template":"","meta":{"_expiration-date-status":"","_expiration-date":0,"_expiration-date-type":"","_expiration-date-categories":[],"_expiration-date-options":[]},"product_cat":[30],"product_tag":[],"class_list":{"0":"post-59407","1":"product","2":"type-product","3":"status-publish","4":"has-post-thumbnail","6":"product_cat-webinars","7":"tm-has-options","9":"first","10":"outofstock","11":"downloadable","12":"virtual","13":"sold-individually","14":"taxable","15":"purchasable","16":"product-type-simple"},"_links":{"self":[{"href":"https:\/\/archacademy.it\/de\/wp-json\/wp\/v2\/product\/59407"}],"collection":[{"href":"https:\/\/archacademy.it\/de\/wp-json\/wp\/v2\/product"}],"about":[{"href":"https:\/\/archacademy.it\/de\/wp-json\/wp\/v2\/types\/product"}],"author":[{"embeddable":true,"href":"https:\/\/archacademy.it\/de\/wp-json\/wp\/v2\/users\/92727"}],"replies":[{"embeddable":true,"href":"https:\/\/archacademy.it\/de\/wp-json\/wp\/v2\/comments?post=59407"}],"wp:featuredmedia":[{"embeddable":true,"href":"https:\/\/archacademy.it\/de\/wp-json\/wp\/v2\/media\/59421"}],"wp:attachment":[{"href":"https:\/\/archacademy.it\/de\/wp-json\/wp\/v2\/media?parent=59407"}],"wp:term":[{"taxonomy":"product_cat","embeddable":true,"href":"https:\/\/archacademy.it\/de\/wp-json\/wp\/v2\/product_cat?post=59407"},{"taxonomy":"product_tag","embeddable":true,"href":"https:\/\/archacademy.it\/de\/wp-json\/wp\/v2\/product_tag?post=59407"}],"curies":[{"name":"wp","href":"https:\/\/api.w.org\/{rel}","templated":true}]}}