{"id":53291,"date":"2020-12-09T09:09:54","date_gmt":"2020-12-09T08:12:28","guid":{"rendered":"https:\/\/archacademy.it\/?post_type=product&#038;p=53291"},"modified":"2021-06-07T13:01:28","modified_gmt":"2021-06-07T11:01:28","slug":"baukultur-fuer-alle","status":"publish","type":"product","link":"https:\/\/archacademy.it\/de\/produkt\/baukultur-fuer-alle\/","title":{"rendered":"Baukultur f\u00fcr alle!?"},"content":{"rendered":"","protected":false},"excerpt":{"rendered":"<p>Die Architekturstiftung S\u00fcdtirol l\u00e4dt Sie ganz herzlich zur Er\u00f6ffnung einer Veranstaltungsreihe zum Thema \u201cBaukultur, Raumordnung und Landschaft\u201d ein.<\/p>\n<p>Wir m\u00f6chten damit alle, die sich mit dem neuen Raumordnungsgesetz auseinandersetzen, animieren, sich Gedanken \u00fcber Baukultur und Planungsqualit\u00e4t bei Bauvorhaben zu machen. Das neue Raumordnungsgesetz stellt Herausforderungen an uns alle, verlangt neue Kompetenzen und wirft viele Fragen auf. Nur gemeinsam k\u00f6nnen wir es schaffen, das Gesetz im Sinne seiner urspr\u00fcnglichen Ziele anzuwenden.<\/p>\n<p><strong>Programm: <\/strong><\/p>\n<ul>\n<li><strong>Arch. Carlo Calderan<\/strong>: einf\u00fchrende Worte<\/li>\n<li><strong>LR Maria Hochgruber Kuenzer<\/strong>: einige Gedanken \u00fcber Baukultur<\/li>\n<li><strong>Arch. Adriano Oggiano<\/strong>: Beir\u00e4te f\u00fcr Baukultur in S\u00fcdtirol<\/li>\n<li><strong>Dr. phil. Biol.Raimund Rodewald<\/strong>, Gesch\u00e4ftsleiter der Stiftung Landschaftsschutz Schweiz und Gastdozent f\u00fcr Landschafts\u00e4sthetik am Institut f\u00fcr Natur- Landschafts- und Umweltschutz der Universit\u00e4t Basel: Impulsreferat zu den Themen Landschaft, Baukultur und Raumplanung.<\/li>\n<\/ul>\n<p>Die eingeladenen G\u00e4ste, B\u00fcrgermeister, Gemeindetechniker und Gemeindesekret\u00e4re k\u00f6nnen sich aktiv in die Diskussion einbringen, w\u00e4hrend die Kollegen Architekten im \u201cZuh\u00f6rermodus\u201d teilnehmen und \u00fcber die \u201cChatfunktion\u201d Fragen stellen k\u00f6nnen.<\/p>\n<p><strong>Sprache<\/strong>: Deutsch (ohne \u00dcbersetzung)<\/p>\n<p><strong>Moderation<\/strong>: Arch. Carlo Calderan<\/p>\n<p>Zum Download des Einladungsflyers &lt;<a href=\"https:\/\/archacademy.it\/wp-content\/uploads\/2020\/12\/Baukultur-Programm.pdf\" target=\"_blank\" rel=\"noopener noreferrer\">HIER<\/a>&gt;<\/p>\n<p><a href=\"https:\/\/stiftung.arch.bz.it\/de\/\" target=\"_blank\" rel=\"noopener noreferrer\">Architekturstiftung S\u00fcdtirol<\/a><br \/>\n<a href=\"mailto:stiftung@arch.bz.it\">stiftung@arch.bz.it<\/a><br \/>\n0471 301751<\/p>\n<p><img decoding=\"async\" class=\"\" src=\"https:\/\/stiftung.arch.bz.it\/img\/architektenstiftung_logo.jpg\" width=\"486\" height=\"128\" \/><\/p>\n","protected":false},"author":92727,"featured_media":53303,"comment_status":"closed","ping_status":"closed","template":"","meta":{"_expiration-date-status":"","_expiration-date":0,"_expiration-date-type":"","_expiration-date-categories":[],"_expiration-date-options":[]},"product_cat":[223],"product_tag":[],"class_list":{"0":"post-53291","1":"product","2":"type-product","3":"status-publish","4":"has-post-thumbnail","6":"product_cat-webinars-de","7":"tm-has-options","9":"first","10":"outofstock","11":"downloadable","12":"virtual","13":"sold-individually","14":"taxable","15":"purchasable","16":"product-type-simple"},"_links":{"self":[{"href":"https:\/\/archacademy.it\/de\/wp-json\/wp\/v2\/product\/53291"}],"collection":[{"href":"https:\/\/archacademy.it\/de\/wp-json\/wp\/v2\/product"}],"about":[{"href":"https:\/\/archacademy.it\/de\/wp-json\/wp\/v2\/types\/product"}],"author":[{"embeddable":true,"href":"https:\/\/archacademy.it\/de\/wp-json\/wp\/v2\/users\/92727"}],"replies":[{"embeddable":true,"href":"https:\/\/archacademy.it\/de\/wp-json\/wp\/v2\/comments?post=53291"}],"wp:featuredmedia":[{"embeddable":true,"href":"https:\/\/archacademy.it\/de\/wp-json\/wp\/v2\/media\/53303"}],"wp:attachment":[{"href":"https:\/\/archacademy.it\/de\/wp-json\/wp\/v2\/media?parent=53291"}],"wp:term":[{"taxonomy":"product_cat","embeddable":true,"href":"https:\/\/archacademy.it\/de\/wp-json\/wp\/v2\/product_cat?post=53291"},{"taxonomy":"product_tag","embeddable":true,"href":"https:\/\/archacademy.it\/de\/wp-json\/wp\/v2\/product_tag?post=53291"}],"curies":[{"name":"wp","href":"https:\/\/api.w.org\/{rel}","templated":true}]}}