{"id":48887,"date":"2020-05-25T16:55:30","date_gmt":"2020-05-25T14:55:30","guid":{"rendered":"https:\/\/archacademy.it\/?post_type=product&#038;p=48887"},"modified":"2021-01-30T16:07:50","modified_gmt":"2021-01-30T15:07:50","slug":"bz48887","status":"publish","type":"product","link":"https:\/\/archacademy.it\/de\/produkt\/bz48887\/","title":{"rendered":"ENERGETISCHE SANIERUNG VON HISTORISCHEN FENSTERN &#8211; TEIL 2"},"content":{"rendered":"","protected":false},"excerpt":{"rendered":"<p>Zentrales Thema der Veranstaltung ist die energetische Ert\u00fcchtigung von historischen\u00a0 Fenstern. Aus Sicht der Denkmalpflege, aber auch aus Gr\u00fcnden der Ressourcenschonung steht bei der Sanierung von historischen Fenstern der Erhalt der Konstruktion im Mittelpunkt.<\/p>\n<p>Gleichzeitig\u00a0 m\u00fcssen die Fenster aber auch den Anspr\u00fcchen an heutigen Wohnkomfort und Energieeffizienz gerecht werden. Baudenkmalpflege und Energieeffizienz stehen dabei nicht zwangsl\u00e4ufig im Widerspruch \u2013 durch L\u00f6sungen von der behutsamen Reparatur von Rahmen und Glas, \u00fcber konstruktive energetische Optimierung mit unterschiedlichem Grad des Eingriffs auf die Substanz bis hin zum Komplettaustausch mit Nachbildung kann das Bestandsfenster auf den energetischen Standard\u00a0 eines modernen Fensters angehoben und gleichzeitig denkmalgerecht ert\u00fcchtigt werden.<\/p>\n<p><strong>Programm:<\/strong><\/p>\n<ul>\n<li>Bauphysikalische Grundlagen am Fenster: U-Wert-Wert-Berechnung von Verbund- und Kastenfenster mit verschiedenen Sanierungsl\u00f6sungen und Absch\u00e4tzung Energieeinsparung (mithilfe der PlanFenster-Tools)<\/li>\n<li>Demonstration unterschiedlicher L\u00f6sungen an der alten Sch\u00e4fflerei des Klosters Benediktbeuren, energetische Sanierung zum Kastenfenster &#8211; W\u00e4rmebr\u00fcckenberechnungen, Feuchteverh\u00e4ltnisse im Kastenfensterzwischenraum,<\/li>\n<\/ul>\n<p><strong>ReferentInnen:\u00a0<\/strong> <strong>A. Troi<\/strong>, EURAC | <strong>M. Larcher<\/strong>, EURAC | <strong>S. Bichlmair<\/strong>, Fraunhofer<\/p>\n<p><strong>Empfehlenswert ist die vorherige Teilnahme an Teil 1 des Seminars &#8211; Interessierte k\u00f6nnen sich bereits f\u00fcr Teil 3 einschreiben<\/strong><\/p>\n<p><strong>SPRACHE:<\/strong> Deutsch (ohne \u00dcbersetzung)<\/p>\n","protected":false},"author":94,"featured_media":48881,"comment_status":"closed","ping_status":"closed","template":"","meta":{"_expiration-date-status":"","_expiration-date":0,"_expiration-date-type":"","_expiration-date-categories":[],"_expiration-date-options":[]},"product_cat":[223],"product_tag":[],"class_list":{"0":"post-48887","1":"product","2":"type-product","3":"status-publish","4":"has-post-thumbnail","6":"product_cat-webinars-de","7":"tm-has-options","9":"first","10":"outofstock","11":"downloadable","12":"virtual","13":"sold-individually","14":"taxable","15":"purchasable","16":"product-type-simple"},"_links":{"self":[{"href":"https:\/\/archacademy.it\/de\/wp-json\/wp\/v2\/product\/48887"}],"collection":[{"href":"https:\/\/archacademy.it\/de\/wp-json\/wp\/v2\/product"}],"about":[{"href":"https:\/\/archacademy.it\/de\/wp-json\/wp\/v2\/types\/product"}],"author":[{"embeddable":true,"href":"https:\/\/archacademy.it\/de\/wp-json\/wp\/v2\/users\/94"}],"replies":[{"embeddable":true,"href":"https:\/\/archacademy.it\/de\/wp-json\/wp\/v2\/comments?post=48887"}],"wp:featuredmedia":[{"embeddable":true,"href":"https:\/\/archacademy.it\/de\/wp-json\/wp\/v2\/media\/48881"}],"wp:attachment":[{"href":"https:\/\/archacademy.it\/de\/wp-json\/wp\/v2\/media?parent=48887"}],"wp:term":[{"taxonomy":"product_cat","embeddable":true,"href":"https:\/\/archacademy.it\/de\/wp-json\/wp\/v2\/product_cat?post=48887"},{"taxonomy":"product_tag","embeddable":true,"href":"https:\/\/archacademy.it\/de\/wp-json\/wp\/v2\/product_tag?post=48887"}],"curies":[{"name":"wp","href":"https:\/\/api.w.org\/{rel}","templated":true}]}}