{"id":72652,"date":"2023-05-01T16:50:52","date_gmt":"2023-05-01T14:50:52","guid":{"rendered":"https:\/\/archacademy.it\/sachverstaendige-raumordnung-2\/"},"modified":"2023-05-04T10:58:53","modified_gmt":"2023-05-04T08:58:53","slug":"sachverstaendige-raumordnung-26052023","status":"publish","type":"page","link":"https:\/\/archacademy.it\/de\/sachverstaendige-raumordnung-26052023\/","title":{"rendered":"Sachverst\u00e4ndige Raumordnung 26052023"},"content":{"rendered":"<p>[vc_row row_height_percent=&#8221;0&#8243; override_padding=&#8221;yes&#8221; h_padding=&#8221;2&#8243; top_padding=&#8221;1&#8243; bottom_padding=&#8221;2&#8243; overlay_alpha=&#8221;50&#8243; gutter_size=&#8221;3&#8243; column_width_percent=&#8221;100&#8243; shift_y=&#8221;0&#8243; z_index=&#8221;0&#8243; inverted_device_order=&#8221;yes&#8221;][vc_column column_width_percent=&#8221;100&#8243; position_horizontal=&#8221;left&#8221; position_vertical=&#8221;middle&#8221; gutter_size=&#8221;3&#8243; overlay_alpha=&#8221;50&#8243; shift_x=&#8221;0&#8243; shift_y=&#8221;0&#8243; shift_y_down=&#8221;0&#8243; z_index=&#8221;0&#8243; medium_width=&#8221;0&#8243; mobile_width=&#8221;0&#8243; width=&#8221;1\/2&#8243;][vc_custom_heading heading_semantic=&#8221;h3&#8243; text_font=&#8221;font-126339&#8243; text_size=&#8221;h3&#8243; el_class=&#8221;bolzano&#8221;]<span style=\"color: #cd0e16;\"><a href=\"https:\/\/www.provincia.bz.it\/it\/\"><img decoding=\"async\" class=\"logo_sm alignleft\" src=\"https:\/\/archacademy.it\/wp-content\/uploads\/2022\/03\/amministrazione-provincia-bolzano.jpg\" alt=\"Provincia autonoma di Bolzano - Alto Adige\" width=\"209\" height=\"65\" \/><\/a><br \/>\n<\/span>[\/vc_custom_heading][\/vc_column][vc_column column_width_percent=&#8221;100&#8243; position_vertical=&#8221;middle&#8221; align_horizontal=&#8221;align_center&#8221; gutter_size=&#8221;3&#8243; overlay_alpha=&#8221;50&#8243; shift_x=&#8221;0&#8243; shift_y=&#8221;0&#8243; shift_y_down=&#8221;0&#8243; z_index=&#8221;0&#8243; medium_width=&#8221;0&#8243; mobile_width=&#8221;0&#8243; width=&#8221;1\/2&#8243;][vc_single_image media=&#8221;63814&#8243; media_width_percent=&#8221;70&#8243; alignment=&#8221;right&#8221;][\/vc_column][\/vc_row][vc_row row_height_percent=&#8221;0&#8243; override_padding=&#8221;yes&#8221; h_padding=&#8221;2&#8243; top_padding=&#8221;1&#8243; bottom_padding=&#8221;1&#8243; overlay_alpha=&#8221;50&#8243; gutter_size=&#8221;3&#8243; column_width_percent=&#8221;100&#8243; shift_y=&#8221;0&#8243; z_index=&#8221;0&#8243;][vc_column column_width_percent=&#8221;100&#8243; gutter_size=&#8221;2&#8243; overlay_alpha=&#8221;50&#8243; shift_x=&#8221;0&#8243; shift_y=&#8221;0&#8243; shift_y_down=&#8221;0&#8243; z_index=&#8221;0&#8243; medium_width=&#8221;0&#8243; mobile_width=&#8221;0&#8243; width=&#8221;1\/1&#8243;][vc_empty_space empty_h=&#8221;0&#8243;][vc_custom_heading heading_semantic=&#8221;h1&#8243; text_font=&#8221;font-126339&#8243; text_color=&#8221;color-jevc&#8221;]Die Qualit\u00e4t in den Durchf\u00fchrungspl\u00e4nen[\/vc_custom_heading][vc_custom_heading heading_semantic=&#8221;h4&#8243; text_font=&#8221;font-126339&#8243; text_size=&#8221;h4&#8243; text_color=&#8221;color-jevc&#8221;]ONLINE Fortbildung f\u00fcr die Sachverst\u00e4ndigen der Gemeindekommissionen f\u00fcr Raum und Landschaft[\/vc_custom_heading][\/vc_column][\/vc_row][vc_row row_height_percent=&#8221;0&#8243; override_padding=&#8221;yes&#8221; h_padding=&#8221;2&#8243; top_padding=&#8221;3&#8243; bottom_padding=&#8221;2&#8243; overlay_alpha=&#8221;50&#8243; equal_height=&#8221;yes&#8221; gutter_size=&#8221;3&#8243; column_width_percent=&#8221;100&#8243; shift_y=&#8221;0&#8243; z_index=&#8221;0&#8243;][vc_column column_width_percent=&#8221;100&#8243; position_vertical=&#8221;middle&#8221; gutter_size=&#8221;3&#8243; overlay_alpha=&#8221;50&#8243; shift_x=&#8221;0&#8243; shift_y=&#8221;0&#8243; shift_y_down=&#8221;0&#8243; z_index=&#8221;0&#8243; medium_width=&#8221;0&#8243; mobile_width=&#8221;0&#8243; width=&#8221;1\/2&#8243;][vc_custom_heading text_font=&#8221;font-126339&#8243; text_color=&#8221;color-jevc&#8221;]26 MAI 2023[\/vc_custom_heading][vc_column_text el_class=&#8221;testo&#8221;]Obligatorische Fortbildung f\u00fcr alle in den Verzeichnissen eingetragenen Sachverst\u00e4ndigen f\u00fcr Raumordnung, Natur, Landschaft, Baukultur, Wirtschaft, Soziales, Landwirtschafts- und Forstwissenschaften und Naturgefahren und alle Interessierten.<\/p>\n<p>Der Kurs befasst sich mit der Qualit\u00e4t von Durchf\u00fchrungspl\u00e4nen. Es wird auf die wichtigsten Kriterien eingegangen, die ausschlaggebend sind f\u00fcr qualitativ hochwertige Durchf\u00fchrungspl\u00e4ne, wobei der \u00f6ffentliche Raum, die Begr\u00fcnung des Siedlungsgebietes und die Nachhaltigkeit im Mittelpunkt stehen.<\/p>\n<p>Es werden vorbildhafte Durchf\u00fchrungspl\u00e4ne aus dem S\u00fcdtiroler Raum vorgestellt und die Umsetzung von Planungswettbewerben aus Sicht der Beh\u00f6rden und Planer er\u00f6rtert. Die Fortbildung wird den Sachverst\u00e4ndigen der Gemeindekommissionen f\u00fcr Raum und Landschaft sowie f\u00fcr alle, die an einem besseren Verst\u00e4ndnis der Beziehungen zwischen Wirtschaft, Landschaft, Stadtplanung und Architektur interessiert sind, angeboten.[\/vc_column_text][\/vc_column][vc_column width=&#8221;1\/2&#8243;][vc_single_image media=&#8221;72694&#8243; media_width_percent=&#8221;100&#8243;][\/vc_column][\/vc_row][vc_row row_height_percent=&#8221;0&#8243; override_padding=&#8221;yes&#8221; h_padding=&#8221;2&#8243; top_padding=&#8221;1&#8243; bottom_padding=&#8221;1&#8243; overlay_alpha=&#8221;50&#8243; gutter_size=&#8221;3&#8243; column_width_percent=&#8221;100&#8243; shift_y=&#8221;0&#8243; z_index=&#8221;0&#8243;][vc_column column_width_percent=&#8221;100&#8243; gutter_size=&#8221;2&#8243; overlay_alpha=&#8221;50&#8243; shift_x=&#8221;0&#8243; shift_y=&#8221;0&#8243; shift_y_down=&#8221;0&#8243; z_index=&#8221;0&#8243; medium_width=&#8221;0&#8243; mobile_width=&#8221;0&#8243; width=&#8221;1\/1&#8243;][vc_empty_space empty_h=&#8221;0&#8243;][\/vc_column][\/vc_row][vc_row row_height_percent=&#8221;0&#8243; overlay_alpha=&#8221;50&#8243; gutter_size=&#8221;3&#8243; column_width_percent=&#8221;100&#8243; shift_y=&#8221;0&#8243; z_index=&#8221;0&#8243;][vc_column column_width_percent=&#8221;100&#8243; position_horizontal=&#8221;left&#8221; gutter_size=&#8221;3&#8243; override_padding=&#8221;yes&#8221; column_padding=&#8221;1&#8243; overlay_alpha=&#8221;50&#8243; shift_x=&#8221;0&#8243; shift_y=&#8221;0&#8243; shift_y_down=&#8221;0&#8243; z_index=&#8221;0&#8243; medium_width=&#8221;0&#8243; mobile_width=&#8221;0&#8243; width=&#8221;1\/2&#8243;][vc_custom_heading text_font=&#8221;font-126339&#8243; sub_lead=&#8221;yes&#8221;]<\/p>\n<h2>Programm<\/h2>\n<h4>von 09:00 &#8211; 13:00 Uhr<\/h4>\n<p>[\/vc_custom_heading][vc_separator sep_color=&#8221;color-jevc&#8221; type=&#8221;dashed&#8221; el_height=&#8221;1px&#8221;][vc_column_text el_class=&#8221;testo&#8221;]<strong>09:00-09:10 Begr\u00fc\u00dfung<\/strong><br \/>\n<strong>Maria Magdalena Hochgruber Kuenzer<\/strong> &#8211; Landesr\u00e4tin f\u00fcr Raumentwicklung, Landschaft und Denkmalpflege[\/vc_column_text][vc_column_text el_class=&#8221;testo&#8221;]<strong>09:10-09:20 Einf\u00fchrung<br \/>\nVirna Bussadori<\/strong> &#8211; Direktorin der Abteilung Natur, Landschaft und Raumentwicklung[\/vc_column_text][vc_column_text el_class=&#8221;testo&#8221;]<strong>09:20-09:35 Die Durchf\u00fchrungsplanung: warum?<br \/>\nCarlotta Polo<\/strong> &#8211; Direktorin des Amtes f\u00fcr Gemeindeplanung (in Italienisch)<strong><br \/>\n<\/strong>[\/vc_column_text][vc_column_text el_class=&#8221;testo&#8221;]<strong>09:35-10:10 Qualifizierte Durchf\u00fchrungspl\u00e4ne, aber wie?<br \/>\nSylvia Ganthaler<\/strong> &#8211; Mitarbeiterin des Amtes f\u00fcr Gemeindeplanung (in Deutsch)<strong><br \/>\n<\/strong>[\/vc_column_text][vc_column_text el_class=&#8221;testo&#8221;]<strong>10:10-10:40 Nachhaltige Stadtquartiere. \u00d6kologie, \u00d6konomie, Gesellschaft<br \/>\nGeorg Josef Frisch<\/strong> &#8211; Architekt DeAssociati srl (in Deutsch)[\/vc_column_text][vc_column_text el_class=&#8221;testo&#8221;]<strong><strong>10:40-11:00 Kaffeepause<\/strong><\/strong>[\/vc_column_text][vc_column_text el_class=&#8221;testo&#8221;]<strong>11:00-11:20Qualit\u00e4t in den Gewerbegebieten: der Durchf\u00fchrungsplan \u201eEinsteinstrasse S\u00fcd \u2013 Flughafenstrasse\u201c in Bozen<br \/>\nGiorgio Gottardi<\/strong> &#8211; Direktor des Amtes f\u00fcr Landesplanung und Kartografie (in Italienisch)[\/vc_column_text][vc_column_text el_class=&#8221;testo&#8221;]<strong>11:20-11:40 St\u00e4dtebauliche Wettbewerbe als Mehrwert f\u00fcr die Gemeinde: Beispiel Rastwiesen<br \/>\nVerena Oberrauch<\/strong> &#8211; Amtsdirektorin Amt 3, Bauwesen und Raumentwicklung der Gemeinde Eppan (in Deutsch)[\/vc_column_text][vc_column_text el_class=&#8221;testo&#8221;]<strong>11:40-12:00 Vom Durchf\u00fchrungsplan zur Realisierung: Beispiele zum \u00f6ffentlichen Raum<br \/>\nPeter Zoderer<\/strong> &#8211; Architekt Feld72 (in Deutsch)[\/vc_column_text][vc_column_text el_class=&#8221;testo&#8221;]<strong>12:00-12:30 Die Gemeinde plant: Zone Palain in Auer<br \/>\nLaura Scola<\/strong> &#8211; Leiterin des Bauamtes der Gemeinde Auer (in Italienisch)[\/vc_column_text][vc_column_text el_class=&#8221;testo&#8221;]<strong>12:30-13:00 Fragerunde, Ende der Veranstaltung<br \/>\n<\/strong>[\/vc_column_text][vc_column_text el_class=&#8221;testo&#8221;]<strong>Moderation: Martina Pecher<\/strong> &#8211; Amt f\u00fcr Gemeindeplanung<strong><br \/>\n<\/strong>[\/vc_column_text][\/vc_column][vc_column column_width_percent=&#8221;100&#8243; position_horizontal=&#8221;left&#8221; gutter_size=&#8221;3&#8243; override_padding=&#8221;yes&#8221; column_padding=&#8221;1&#8243; overlay_alpha=&#8221;50&#8243; shift_x=&#8221;0&#8243; shift_y=&#8221;0&#8243; shift_y_down=&#8221;0&#8243; z_index=&#8221;0&#8243; medium_width=&#8221;0&#8243; mobile_width=&#8221;0&#8243; width=&#8221;1\/2&#8243;][vc_custom_heading text_font=&#8221;font-126339&#8243;]<\/p>\n<h2>Vortr\u00e4ge<\/h2>\n<h4>Detaillierte Beschreibung der Inhalte und Vortr\u00e4ge<\/h4>\n<p>[\/vc_custom_heading][vc_separator sep_color=&#8221;color-jevc&#8221; type=&#8221;dashed&#8221; el_height=&#8221;1px&#8221;][vc_column_text el_class=&#8221;testo&#8221;]<strong>09:20-09:35\u00a0Durchf\u00fchrungspl\u00e4ne: warum?<\/strong><\/p>\n<p><strong>Carlotta Polo \u2013 <\/strong>Direktorin des Amtes f\u00fcr Gemeindeplanung (in Italienisch)<\/p>\n<p>er Durchf\u00fchrungsplan ist das Planungsinstrument, das die Qualit\u00e4t in unseren Siedlungsgebieten garantiert. Dieses Planungsinstrument ist von grundlegender Bedeutung f\u00fcr die Definition des \u00f6ffentlichen Raums, der Nachhaltigkeitskriterien und der Baukultur. Lassen Sie uns diese interessante Herausforderung gemeinsam meistern![\/vc_column_text][vc_separator sep_color=&#8221;color-jevc&#8221; type=&#8221;dashed&#8221; el_height=&#8221;1px&#8221;][vc_column_text el_class=&#8221;testo&#8221;]<strong>09:35-10:10\u00a0Durchf\u00fchrungspl\u00e4ne mit Qualit\u00e4t, aber wie?<\/strong><\/p>\n<p><strong>Sylvia Ganthaler<\/strong> &#8211; Mitarbeiterin des Amtes f\u00fcr Gemeindeplanung (in Deutsch)<\/p>\n<p>Die Qualit\u00e4t der Siedlungsgebiete wird durch die Planung der \u00f6ffentlichen R\u00e4ume bestimmt. Es gilt ein lebenswertes Umfeld mit hoher Aufenthaltsqualit\u00e4t f\u00fcr den Menschen zu schaffen, das vielf\u00e4ltigen Bed\u00fcrfnissen und Anforderungen Rechnung tr\u00e4gt und die Anpassung an den Klimawandel unterst\u00fctzt.[\/vc_column_text][vc_separator sep_color=&#8221;color-jevc&#8221; type=&#8221;dashed&#8221; el_height=&#8221;1px&#8221;][vc_column_text el_class=&#8221;testo&#8221;]<strong>10:10-10:40\u00a0Nachhaltige Stadtquartiere. \u00d6kologie, \u00d6konomie, Gesellschaft <\/strong><\/p>\n<p><strong>Georg Frisch<\/strong> \u2013 Architekt und St\u00e4dteplaner (in Deutsch)<\/p>\n<p>Seit der UN-Konferenz Habitat I im Jahre 1976, dutzende internationaler Gremien haben sich mit den Fragen zur Umwelt und St\u00e4dteplanung besch\u00e4ftigt. Mit Bezug auf die drei Dimensionen der Nachhaltigkeit (\u00d6kologie, \u00d6konomie, Gesellschaft) sollten wir uns fragen, welche Ziele konkret auf lokaler Basis erreicht werden k\u00f6nnen. Anhand einiger Schweizer Stadtprojekte m\u00f6chte der Beitrag die Elemente der Nachhaltigkeit in der Durchf\u00fchrungsplanung diskutieren.[\/vc_column_text][vc_separator sep_color=&#8221;color-jevc&#8221; type=&#8221;dashed&#8221; el_height=&#8221;1px&#8221;][vc_column_text el_class=&#8221;testo&#8221;]<strong>11:00-11:20\u00a0Qualit\u00e4t in den Gewerbegebieten: der Durchf\u00fchrungsplan \u201eEinsteinstrasse S\u00fcd \u2013 Flughafenstrasse\u201c in Bozen<\/strong><\/p>\n<p><strong>Giorgio Gottardi<\/strong> &#8211; Direktor des Amtes f\u00fcr Landesplanung und Kartografie (in Italienisch)<\/p>\n<p>Die Gewerbegebiete werden oft als Gebiete betrachtet, in denen die Qualit\u00e4t der Freifl\u00e4chen, die Umweltaspekte und die Architektur in Bezug zu den bestehenden Wirtschaftst\u00e4tigkeiten eine untergeordnete Rolle spielt. In Wirklichkeit bed\u00fcrfen diese st\u00e4dtischen Gebiete, ebenso wie Wohnviertel, einer klugen und verantwortungsvollen Stadtplanung, sowie Vorschriften, die zeitgem\u00e4\u00dfe Standards gew\u00e4hrleisten sollen.[\/vc_column_text][vc_column_text el_class=&#8221;testo&#8221;]<strong>11:20-11:40\u00a0St\u00e4dtebauliche Wettbewerbe als Mehrwert f\u00fcr die Gemeinde: Beispiel Rastwiesen\u00a0<\/strong><\/p>\n<p><strong>Verena Oberrauch<\/strong> &#8211; Amtsdirektorin Amt 3, Bauwesen und Raumentwicklung der Gemeinde Eppan (in Deutsch)<\/p>\n<p>Der Ideenwettbewerb der Rastwiesen in St. Michael ist eine einmalige und spannende Aufgabe f\u00fcr die Gemeinde Eppan, gemeinsam mit den B\u00fcrgern Dorfentwicklung voranzutreiben und weitere Zersiedelung der Kulturlandschaft zu vermeiden. Ziele, Herausforderungen und Mehrwert des st\u00e4dtebaulichen Ideenwettbewerbs werden er\u00f6rtert und dargestellt.[\/vc_column_text][vc_column_text el_class=&#8221;testo&#8221;]<strong>11:40-12:00\u00a0Vom Durchf\u00fchrungsplan zur Realisierung: Beispiele zum \u00f6ffentlichen\/ halb \u00f6ffentlicher Raum<\/strong><\/p>\n<p><strong>Peter Zoderer<\/strong> \u2013 feld72 Architekten (in Deutsch)<\/p>\n<p>Der \u00f6ffentliche Raumspielt beim Entwurf einer Wohnbauzone eine zentrale Rolle. Der gemeinschaftlich genutzte Zwischenraum wird zum Begegnungsraum mit hoher Identifikation. Der Durchf\u00fchrungsplan ist auf Projektebene das Instrument um diesen Raum und seine Potentiale verbindlich vorzusehen.[\/vc_column_text][vc_column_text el_class=&#8221;testo&#8221;]<strong>12:00-12:30\u00a0Die Gemeinde plant: Zone Palain in Auer<\/strong><\/p>\n<p><strong>Laura Scola<\/strong> \u2013 Leiterin des Bauamtes der Gemeinde Auer (in Italienisch)<\/p>\n<p>Die Rolle der Gemeinden bei der geordneten Entwicklung des Territoriums wird durch verantwortungsvolle, wenn auch manchmal schwierige und anspruchsvolle Entscheidungen wahrgenommen. In unserem Fall wurde das Engagement durch das gute Ergebnis, das mit dem Palain-Gebiet erzielt wurde, belohnt.[\/vc_column_text][\/vc_column][\/vc_row][vc_row][vc_column column_width_percent=&#8221;100&#8243; gutter_size=&#8221;2&#8243; overlay_alpha=&#8221;50&#8243; shift_x=&#8221;0&#8243; shift_y=&#8221;0&#8243; shift_y_down=&#8221;0&#8243; z_index=&#8221;0&#8243; medium_width=&#8221;0&#8243; mobile_width=&#8221;0&#8243; width=&#8221;1\/1&#8243;]\t\t<div class=\"we-table-lisst table-style-1\" id=\"table-6799\">\r\n\t\t\t<table class=\"we-table\">\r\n            \t                <thead class=\"thead-inverse\">\r\n                  <tr>\r\n                    <th>Beginn<\/th>\r\n                    <th>\r\n\t\t\t\t\t\tName                    \t<span class=\"we-hidden-screen\">Details<\/span>\r\n                    <\/th>\r\n                    \t\t\t\t\t\r\n                    <th class=\"we-mb-hide\">Preis<\/th>\r\n                                        <th class=\"we-mb-hide\"><\/th>\r\n                                      <\/tr>\r\n                <\/thead>\r\n                                <tbody>\r\n\t\t\t\t\t<tr >\r\n\t\t<td class=\"we-first-row \" ><span>26 Mai 2023<\/span><\/td>\r\n\t\t<td style=\"position: relative;\">\r\n\t\t\t\t\t\t\t<div class=\"ribbon-outer-table\"><div class=\"ribbon-red-table\">4<br>UE<\/div><\/div>\r\n\t\t\t\t<h3><a href=\"https:\/\/archacademy.it\/de\/prodotto\/die-qualitat-in-den-durchfuhrungsplanen-la-qualita-nei-piani-dattuazione\/\">Die Qualit\u00e4t in den Durchf\u00fchrungspl\u00e4nen | La qualit\u00e0 nei Piani d\u2019attuazione<\/a><\/h3>\r\n\t\t\t<span class=\"event-meta we-hidden-screen\">\r\n\t\t\t  \t\t\t\t  <span class=\"tb-meta\"><i class=\"fa fa-shopping-basket\"><\/i><span class=\"woocommerce-Price-amount amount\">Kostenlos<\/span><\/span>\r\n\t\t\t  \t\t\t\t  <span class=\"tb-meta\"><i class=\"fa fa-ticket\"><\/i> Ausgebucht<\/span>\r\n\t\t\t  \t\t\t<\/span>\r\n\t\t<\/td>\r\n\t\t\t\t<td class=\"tb-price we-mb-hide\"><span><span class=\"woocommerce-Price-amount amount\">Kostenlos<\/span><\/span><\/td>\r\n\t\t        <td class=\"we-mb-hide\">\r\n\t\t\r\n\t\t\r\n\t\t\r\n\t\t\r\n\t\t\r\n\t\t\t\t\r\n\t\t\r\n\t\t\r\n\t\t\r\n\t\t\r\n\t\t\r\n\t\t\t\r\n\t\t\t\r\n\t\t\t\r\n\t\t\t<span style=\"display: block; width:100%; text-align:center;\">Ausgebucht<\/span>\r\n\t\t\t\r\n\t\t<\/td>\r\n        \t<\/tr>\r\n                <\/tbody>\r\n\t\t\t<\/table>\r\n            \t\t<\/div>\r\n\t\t[\/vc_column][\/vc_row][vc_row row_height_percent=&#8221;0&#8243; overlay_alpha=&#8221;50&#8243; gutter_size=&#8221;3&#8243; column_width_percent=&#8221;100&#8243; shift_y=&#8221;0&#8243; z_index=&#8221;0&#8243; el_class=&#8221;quicklinks&#8221;][vc_column column_width_percent=&#8221;100&#8243; position_horizontal=&#8221;left&#8221; gutter_size=&#8221;2&#8243; overlay_alpha=&#8221;50&#8243; shift_x=&#8221;0&#8243; shift_y=&#8221;0&#8243; shift_y_down=&#8221;0&#8243; z_index=&#8221;0&#8243; medium_width=&#8221;0&#8243; mobile_width=&#8221;0&#8243; width=&#8221;1\/3&#8243; el_class=&#8221;lv_grid_single&#8221;][vc_row_inner row_inner_height_percent=&#8221;0&#8243; force_width_grid=&#8221;yes&#8221; back_color=&#8221;color-190267&#8243; overlay_alpha=&#8221;50&#8243; gutter_size=&#8221;3&#8243; shift_y=&#8221;0&#8243; z_index=&#8221;0&#8243; el_class=&#8221;titololista&#8221;][vc_column_inner column_width_percent=&#8221;100&#8243; position_vertical=&#8221;middle&#8221; gutter_size=&#8221;3&#8243; override_padding=&#8221;yes&#8221; column_padding=&#8221;1&#8243; style=&#8221;dark&#8221; back_color=&#8221;color-190267&#8243; overlay_alpha=&#8221;50&#8243; shift_x=&#8221;0&#8243; shift_y=&#8221;0&#8243; shift_y_down=&#8221;0&#8243; z_index=&#8221;0&#8243; medium_width=&#8221;0&#8243; mobile_width=&#8221;0&#8243; radius=&#8221;std&#8221; width=&#8221;1\/1&#8243;][vc_custom_heading heading_semantic=&#8221;h5&#8243; text_font=&#8221;font-126339&#8243; text_size=&#8221;h5&#8243; text_weight=&#8221;500&#8243;]Service[\/vc_custom_heading][\/vc_column_inner][\/vc_row_inner][uncode_list el_class=&#8221;lista&#8221;]<\/p>\n<ul>\n<li><a href=\"https:\/\/www.provinz.bz.it\/natur-umwelt\/natur-raum\/genehmigungsverfahren-und-kommissionen.asp\" rel=\"noopener\">Genehmigungsverfahren und Kommission<\/a><\/li>\n<li><a href=\"https:\/\/www.provinz.bz.it\/informatik-digitalisierung\/digitalisierung\/open-data\/maps-e-webgis-die-geobrowser.asp\" rel=\"noopener\">Pl\u00e4ne online<\/a><\/li>\n<li><a href=\"https:\/\/www.provinz.bz.it\/natur-umwelt\/natur-raum\/rechtsgrundlagen.asp\" rel=\"noopener\">Rechtsgrundlagen<\/a><\/li>\n<li><a href=\"https:\/\/www.provinz.bz.it\/natur-umwelt\/natur-raum\/faq.asp\" rel=\"noopener\">FAQ<\/a><\/li>\n<li><a class=\"lv_external_link\" href=\"http:\/\/www.buergernetz.bz.it\/civis\/de\/akten-raumplanung.asp\" rel=\"noopener\">Amtsanzeiger<\/a><\/li>\n<li><a href=\"https:\/\/www.provinz.bz.it\/natur-umwelt\/natur-raum\/verzeichnis.asp\" rel=\"noopener\">Verzeichnis der Sachverst\u00e4ndigen<\/a><\/li>\n<li><a href=\"https:\/\/www.provinz.bz.it\/natur-umwelt\/natur-raum\/weiterbildung.asp\" rel=\"noopener\">Weiterbildung<\/a><\/li>\n<li><a href=\"https:\/\/www.provinz.bz.it\/natur-umwelt\/natur-raum\/nuetzliche-links.asp\" rel=\"noopener\">N\u00fctzliche Links<\/a><\/li>\n<li><a href=\"https:\/\/www.provinz.bz.it\/natur-umwelt\/natur-raum\/privacy.asp\" target=\"_blank\" rel=\"noopener\">Datenschutz<\/a><\/li>\n<\/ul>\n<p>[\/uncode_list][\/vc_column][vc_column column_width_percent=&#8221;100&#8243; gutter_size=&#8221;2&#8243; overlay_alpha=&#8221;50&#8243; shift_x=&#8221;0&#8243; shift_y=&#8221;0&#8243; shift_y_down=&#8221;0&#8243; z_index=&#8221;0&#8243; medium_width=&#8221;0&#8243; mobile_width=&#8221;0&#8243; width=&#8221;1\/3&#8243; el_class=&#8221;lv_grid_single&#8221;][vc_row_inner row_inner_height_percent=&#8221;0&#8243; force_width_grid=&#8221;yes&#8221; back_color=&#8221;color-190267&#8243; overlay_alpha=&#8221;50&#8243; gutter_size=&#8221;3&#8243; shift_y=&#8221;0&#8243; z_index=&#8221;0&#8243; el_class=&#8221;titololista&#8221;][vc_column_inner column_width_percent=&#8221;100&#8243; position_vertical=&#8221;middle&#8221; gutter_size=&#8221;3&#8243; override_padding=&#8221;yes&#8221; column_padding=&#8221;1&#8243; style=&#8221;dark&#8221; back_color=&#8221;color-190267&#8243; overlay_alpha=&#8221;50&#8243; shift_x=&#8221;0&#8243; shift_y=&#8221;0&#8243; shift_y_down=&#8221;0&#8243; z_index=&#8221;0&#8243; medium_width=&#8221;0&#8243; mobile_width=&#8221;0&#8243; radius=&#8221;std&#8221; width=&#8221;1\/1&#8243;][vc_custom_heading heading_semantic=&#8221;h5&#8243; text_font=&#8221;font-126339&#8243; text_size=&#8221;h5&#8243; text_weight=&#8221;500&#8243;]Im Focus[\/vc_custom_heading][\/vc_column_inner][\/vc_row_inner][uncode_list el_class=&#8221;lista&#8221;]<\/p>\n<ul>\n<li><a href=\"https:\/\/www.provinz.bz.it\/natur-umwelt\/natur-raum\/news-media.asp\" rel=\"noopener\">News &amp; Media<\/a><\/li>\n<li><a href=\"https:\/\/www.provinz.bz.it\/natur-umwelt\/natur-raum\/mediathek.asp\" rel=\"noopener\">Mediathek<\/a><\/li>\n<li><a href=\"https:\/\/www.provinz.bz.it\/natur-umwelt\/natur-raum\/publikationen.asp\" rel=\"noopener\">Publikationen<\/a><\/li>\n<li><a href=\"https:\/\/www.provinz.bz.it\/natur-umwelt\/natur-raum\/bauernhaus-sanierungsberatung.asp\" rel=\"noopener\">Bauernhaus-Sanierungsberatung<\/a><\/li>\n<li><a href=\"https:\/\/www.provinz.bz.it\/natur-umwelt\/natur-raum\/neues-landesgesetz-raum-und-landschaft.asp\" rel=\"noopener\">Neues Landesgesetz Raum und Landschaft<\/a><\/li>\n<li><a href=\"https:\/\/www.provinz.bz.it\/natur-umwelt\/natur-raum\/naturschutz\/citizen-science.asp\" rel=\"noopener\">Citizen Science<\/a><\/li>\n<\/ul>\n<p>[\/uncode_list][\/vc_column][vc_column column_width_percent=&#8221;100&#8243; gutter_size=&#8221;2&#8243; overlay_alpha=&#8221;50&#8243; shift_x=&#8221;0&#8243; shift_y=&#8221;0&#8243; shift_y_down=&#8221;0&#8243; z_index=&#8221;0&#8243; medium_width=&#8221;0&#8243; mobile_width=&#8221;0&#8243; width=&#8221;1\/3&#8243; el_class=&#8221;lv_grid_single&#8221;][vc_row_inner row_inner_height_percent=&#8221;0&#8243; force_width_grid=&#8221;yes&#8221; back_color=&#8221;color-190267&#8243; overlay_alpha=&#8221;50&#8243; gutter_size=&#8221;3&#8243; shift_y=&#8221;0&#8243; z_index=&#8221;0&#8243; el_class=&#8221;titololista&#8221;][vc_column_inner column_width_percent=&#8221;100&#8243; position_vertical=&#8221;middle&#8221; gutter_size=&#8221;3&#8243; override_padding=&#8221;yes&#8221; column_padding=&#8221;1&#8243; style=&#8221;dark&#8221; back_color=&#8221;color-190267&#8243; overlay_alpha=&#8221;50&#8243; shift_x=&#8221;0&#8243; shift_y=&#8221;0&#8243; shift_y_down=&#8221;0&#8243; z_index=&#8221;0&#8243; medium_width=&#8221;0&#8243; mobile_width=&#8221;0&#8243; radius=&#8221;std&#8221; width=&#8221;1\/1&#8243;][vc_custom_heading heading_semantic=&#8221;h5&#8243; text_font=&#8221;font-126339&#8243; text_size=&#8221;h5&#8243; text_weight=&#8221;500&#8243;]Kontakt[\/vc_custom_heading][\/vc_column_inner][\/vc_row_inner][uncode_list el_class=&#8221;lista&#8221;]<\/p>\n<ul>\n<li><a href=\"https:\/\/www.provinz.bz.it\/de\/kontakt.asp?orga_orgaid=838\" rel=\"noopener\"><strong><span class=\"org fn\"><span class=\"organization-name\">28. Natur, Landschaft und Raumentwicklung<\/span><\/span><\/strong><\/a><br \/>\n<span class=\"adr\"><span class=\"street-address work postal\"><br \/>\n<\/span>Landhaus 11, Rittner Stra\u00dfe 4<br \/>\n<span class=\"postal-code\">39100<\/span>\u00a0<span class=\"locality\">Bozen<\/span><\/span><br \/>\n<abbr title=\"Telefono\">Tel.<\/abbr>\u00a0<span class=\"tel\"><span class=\"type work voice msg\"><span class=\"value\">+39 0471 417800<\/span><\/span><\/span><\/li>\n<li><a href=\"mailto:natur.raum@provinz.bz.it\">E-Mail<\/a><\/li>\n<li><a href=\"mailto:naturraum.naturaterritorio@pec.prov.bz.it\">PEC<\/a><\/li>\n<\/ul>\n<p>[\/uncode_list][\/vc_column][\/vc_row]<\/p>\n","protected":false},"excerpt":{"rendered":"<p>[vc_row row_height_percent=&#8221;0&#8243; override_padding=&#8221;yes&#8221; h_padding=&#8221;2&#8243; top_padding=&#8221;1&#8243; bottom_padding=&#8221;2&#8243; overlay_alpha=&#8221;50&#8243; gutter_size=&#8221;3&#8243; column_width_percent=&#8221;100&#8243; shift_y=&#8221;0&#8243; z_index=&#8221;0&#8243; inverted_device_order=&#8221;yes&#8221;][vc_column column_width_percent=&#8221;100&#8243; position_horizontal=&#8221;left&#8221; position_vertical=&#8221;middle&#8221; gutter_size=&#8221;3&#8243; overlay_alpha=&#8221;50&#8243; shift_x=&#8221;0&#8243; shift_y=&#8221;0&#8243; shift_y_down=&#8221;0&#8243; [&hellip;]<\/p>\n","protected":false},"author":94,"featured_media":0,"parent":0,"menu_order":0,"comment_status":"closed","ping_status":"closed","template":"","meta":{"footnotes":"","_expiration-date-status":"","_expiration-date":0,"_expiration-date-type":"","_expiration-date-categories":[],"_expiration-date-options":[]},"class_list":["post-72652","page","type-page","status-publish","hentry","tm-has-options"],"_links":{"self":[{"href":"https:\/\/archacademy.it\/de\/wp-json\/wp\/v2\/pages\/72652"}],"collection":[{"href":"https:\/\/archacademy.it\/de\/wp-json\/wp\/v2\/pages"}],"about":[{"href":"https:\/\/archacademy.it\/de\/wp-json\/wp\/v2\/types\/page"}],"author":[{"embeddable":true,"href":"https:\/\/archacademy.it\/de\/wp-json\/wp\/v2\/users\/94"}],"replies":[{"embeddable":true,"href":"https:\/\/archacademy.it\/de\/wp-json\/wp\/v2\/comments?post=72652"}],"version-history":[{"count":12,"href":"https:\/\/archacademy.it\/de\/wp-json\/wp\/v2\/pages\/72652\/revisions"}],"predecessor-version":[{"id":72807,"href":"https:\/\/archacademy.it\/de\/wp-json\/wp\/v2\/pages\/72652\/revisions\/72807"}],"wp:attachment":[{"href":"https:\/\/archacademy.it\/de\/wp-json\/wp\/v2\/media?parent=72652"}],"curies":[{"name":"wp","href":"https:\/\/api.w.org\/{rel}","templated":true}]}}