{"id":54768,"date":"2021-01-29T17:00:46","date_gmt":"2021-01-29T16:00:46","guid":{"rendered":"https:\/\/archacademy.it\/?page_id=54768"},"modified":"2021-01-29T17:41:16","modified_gmt":"2021-01-29T16:41:16","slug":"archacademy-2","status":"publish","type":"page","link":"https:\/\/archacademy.it\/de\/archacademy-2\/","title":{"rendered":"archacademy"},"content":{"rendered":"<p>[vc_row unlock_row_content=&#8221;yes&#8221; row_height_percent=&#8221;0&#8243; override_padding=&#8221;yes&#8221; h_padding=&#8221;0&#8243; top_padding=&#8221;0&#8243; bottom_padding=&#8221;0&#8243; overlay_alpha=&#8221;50&#8243; gutter_size=&#8221;3&#8243; column_width_percent=&#8221;100&#8243; shift_y=&#8221;0&#8243; z_index=&#8221;0&#8243;][vc_column width=&#8221;1\/1&#8243;][vc_single_image media=&#8221;54803&#8243; media_width_percent=&#8221;100&#8243;][\/vc_column][\/vc_row][vc_row][vc_column width=&#8221;1\/2&#8243;][vc_column_text]Die Arbeit des Architekten, Raum-, Landschaftsplaner und Denkmalsch\u00fctzer erfordert viel Kreativit\u00e4t und Wissen. Die T\u00e4tigkeitsfelder reichen dabei vom Bauwesen, Landschaftsplanung bis hin zu Design, Einrichtung, Grafik o.\u00c4. Die Entwicklungen und M\u00f6glichkeiten rund um den Beruf der Architektin\/des Architekten schreiten laufend voran. Um st\u00e4ndig auf dem aktuellen Stand zu bleiben, muss man deshalb st\u00e4ndig dazulernen, das angeeignete Wissen aktualisieren und erweitern.<\/p>\n<p>Die im Berufsalbum eingetragenen Architekten sind deshalb zur st\u00e4ndigen Fort- und Weiterbildung verpflichtet und m\u00fcssen dies auch nachweisen. Alles zum Reglement und die Richtlinien zur Pflichtfortbildung f\u00fcr Architekten RLD findest du &lt;&lt; HIER &gt;&gt;<\/p>\n<p>Um eine m\u00f6glichst berufsorientierte Fortbildung zu garantieren hat die Kammer der Architekten RLD Bozen im Jahr 2011 die archacademy ins Leben gerufen, welche Fortbildungsveranstaltungen organisiert und koordiniert. Nach M\u00f6glichkeit wird ein ausgewogenes Verh\u00e4ltnis zwischen den Sprachen Italienisch und Deutsch der Veranstaltungen angestrebt, was meist auch gelingt. Wir sind sicher, dass Ihr f\u00fcr Abweichungen Verst\u00e4ndnis habt.<\/p>\n<p>Gerne begr\u00fc\u00dfen wir Euch in einer der kommenden Online-Veranstaltung. Dabei wollen wir nicht die Planung von Pr\u00e4senzveranstaltungen aus den Augen verlieren, denn der pers\u00f6nliche Austausch und die Kommunikation untereinander sind wesentliche Anliegen der archacademy.<\/p>\n<p>Kontaktiert uns unter <a href=\"mailto:info@archacademy.it\">info@archacademy.it<\/a> denn wir nehmen gerne Euer Feedback sowie Themenvorschl\u00e4ge in die Planung zuk\u00fcnftiger Fortbildungsveranstaltungen mit auf!<\/p>\n<p>F\u00fcr den Vorstand der archacademy<br \/>\n<strong>Verena Unterberger<\/strong><br \/>\nPr\u00e4sidentin<\/p>\n<p><img decoding=\"async\" class=\"alignnone wp-image-54773\" src=\"https:\/\/archacademy.it\/wp-content\/uploads\/2021\/01\/unterschrift-unterberger.jpg\" alt=\"\" width=\"157\" height=\"106\" \/>[\/vc_column_text][\/vc_column][vc_column width=&#8221;1\/2&#8243;][vc_column_text]<strong>Der amtierende Vorstand der archacademy<\/strong><\/p>\n<ul>\n<li><strong>Pr\u00e4sidentin<\/strong><br \/>\nArch. Verena Unterberger<\/li>\n<li><strong>Vizepr\u00e4sidentin<\/strong><br \/>\nArch. Brigitte Kauntz<\/li>\n<li><strong>Sekret\u00e4r<\/strong><br \/>\nArch. Itta Maurer<\/li>\n<li><strong>Schatzmeister<\/strong><br \/>\nArch. Johannes Niederst\u00e4tter<\/li>\n<li><strong>Vorstandsmitglied<\/strong><br \/>\nArch. Klaus Ausserhofer<\/li>\n<\/ul>\n<p><strong>Leitung<\/strong><br \/>\nChristof Mittelberger<\/p>\n<p>Sie erreichen uns von Montag &#8211; Freitag zu B\u00fcrozeiten[\/vc_column_text][\/vc_column][\/vc_row]<\/p>\n","protected":false},"excerpt":{"rendered":"<p>[vc_row unlock_row_content=&#8221;yes&#8221; row_height_percent=&#8221;0&#8243; override_padding=&#8221;yes&#8221; h_padding=&#8221;0&#8243; top_padding=&#8221;0&#8243; bottom_padding=&#8221;0&#8243; overlay_alpha=&#8221;50&#8243; gutter_size=&#8221;3&#8243; column_width_percent=&#8221;100&#8243; shift_y=&#8221;0&#8243; z_index=&#8221;0&#8243;][vc_column width=&#8221;1\/1&#8243;][vc_single_image media=&#8221;54803&#8243; media_width_percent=&#8221;100&#8243;][\/vc_column][\/vc_row][vc_row][vc_column width=&#8221;1\/2&#8243;][vc_column_text]Die Arbeit des Architekten, Raum-, [&hellip;]<\/p>\n","protected":false},"author":94,"featured_media":0,"parent":0,"menu_order":11,"comment_status":"closed","ping_status":"closed","template":"","meta":{"footnotes":"","_expiration-date-status":"saved","_expiration-date":0,"_expiration-date-type":"","_expiration-date-categories":[],"_expiration-date-options":[]},"class_list":["post-54768","page","type-page","status-publish","hentry"],"_links":{"self":[{"href":"https:\/\/archacademy.it\/de\/wp-json\/wp\/v2\/pages\/54768"}],"collection":[{"href":"https:\/\/archacademy.it\/de\/wp-json\/wp\/v2\/pages"}],"about":[{"href":"https:\/\/archacademy.it\/de\/wp-json\/wp\/v2\/types\/page"}],"author":[{"embeddable":true,"href":"https:\/\/archacademy.it\/de\/wp-json\/wp\/v2\/users\/94"}],"replies":[{"embeddable":true,"href":"https:\/\/archacademy.it\/de\/wp-json\/wp\/v2\/comments?post=54768"}],"version-history":[{"count":0,"href":"https:\/\/archacademy.it\/de\/wp-json\/wp\/v2\/pages\/54768\/revisions"}],"wp:attachment":[{"href":"https:\/\/archacademy.it\/de\/wp-json\/wp\/v2\/media?parent=54768"}],"curies":[{"name":"wp","href":"https:\/\/api.w.org\/{rel}","templated":true}]}}